{"id":5570,"date":"2017-11-19T06:23:19","date_gmt":"2017-11-19T05:23:19","guid":{"rendered":"https:\/\/leben-fuehren.de\/?page_id=5570"},"modified":"2019-06-12T14:25:26","modified_gmt":"2019-06-12T12:25:26","slug":"cover-evolution-25f9w6as","status":"publish","type":"page","link":"https:\/\/leben-fuehren.de\/r3\/leaderscommunity\/cover-evolution-25f9w6as\/","title":{"rendered":"Cover Evolution"},"content":{"rendered":"<section data-parallax-background-speed=\"10\" class=\"fw-main-row-custom fw-main-row-top fw-section-no-padding fw-content-overlay-lg fw_theme_bg_fw-custom fw-section-image fw-section-height-custom  parallax-section fw-section-position-back tf-sh-15b3acceeadea9773f19edafc72f30a7\" style=\"background-image:url(https:\/\/leben-fuehren.de\/wp-content\/uploads\/Header-Welcome.jpg);height: 300px\">\n<div class=\"fw-main-row-overlay\" style=\"background-color: #ffffff\"><\/div>\n<div class=\"fw-container-fluid\">\n\t\t\t<\/div>\n<\/section>\n<section class=\"fw-main-row-custom  auto  fw-section-position-back tf-sh-31367edb5decad5705ea44179103013d\">\n<div class=\"fw-container\" style=\"background-color:#1a1a1a\">\n<div class=\"fw-row\">\n<div id=\"column-5d00ef361f466\" class=\"fw-col-sm-8 tf-sh-baf3a6355f088d1604c08475fec2fa51\">\n<div class=\"fw-wrap-col-inner clearfix  \">\n<div class=\"fw-col-inner\">\n<div class=\"fw-text-box tf-sh-196f470cd19bb0e7d2a794fe8eb0d546 \">\n<div class=\"fw-text-inner\">\n<h2>Staffel 1<\/h2>\n<p><strong>10\/2014 &#8211; 03\/2015<\/strong><br \/>Huiii&#8230; damals&#8230; Das erste Podcast-Logo habe ich stolz mit GIMP gebaut. Was f\u00fcr ein Krampf. Dazu habe ich mir extra ein Buch gekauft und dann Schritt f\u00fcr Schritt rumgemacht.<\/p>\n<p><img decoding=\"async\" class=\"size-full wp-image-5953 alignleft\" src=\"https:\/\/leben-fuehren.de\/wp-content\/uploads\/LF124-FPG-150x150.jpg\" alt=\"Bernd Geropp\" width=\"50\" height=\"50\" \/>Vorbid war Bernd Geropps Logo: Seines war blau und ich wollte dunkelrot, allerdings bei wiedererkennbarer \u00c4hnlichkeit. Mein Bild fand ich sehr cool, es was das Ergebniss eines Photo-Shootings. Bisschen l\u00e4ssig und doch professionell.<\/p>\n<\/p><\/div>\n<\/div><\/div>\n<\/p><\/div>\n<\/div>\n<div id=\"column-5d00ef361fcdc\" class=\"fw-col-sm-4 tf-sh-1013983e182aaf41a73fee03d9e56504\">\n<div class=\"fw-wrap-col-inner clearfix  \">\n<div class=\"fw-col-inner\">\n<div class=\"fw-block-image-parent fw-overlay-1 fw-block-image-icon   \" style=\"width: 100%\">\n            \t\t\t<a class=\"fw-block-image-child fw-ratio-1 fw-ratio-container\" href=\"\/\/leben-fuehren.de\/wp-content\/uploads\/LF\/s1-1400.jpg\" data-rel=\"prettyPhoto\" rel=\"prettyPhoto\"><br \/>\n\t\t\t\t<img decoding=\"async\" src=\"https:\/\/leben-fuehren.de\/wp-content\/uploads\/s1-1400.jpg\" alt=\"Leben-F\u00fchren, Staffel 1\" data-maxdpr=\"1.7\" class=\"lazyload\" \/>\t\t\t\t                                    <\/p>\n<div class=\"fw-block-image-overlay\">\n<div class=\"fw-itable\">\n<div class=\"fw-icell\">\n                                <i class=\"fw-icon-zoom\"><\/i>\n                            <\/div>\n<\/p><\/div>\n<\/p><\/div>\n<p>                \t\t\t<\/a>\n            \t\t<\/div>\n<\/p><\/div>\n<\/p><\/div>\n<\/div>\n<\/div><\/div>\n<\/section>\n<section class=\"fw-main-row-custom  auto  fw-section-position-back tf-sh-98dce61eaa8496435fddd79ba1fb19a8\">\n<div class=\"fw-container\" style=\"background-color:#1a1a1a\">\n<div class=\"fw-row\">\n<div id=\"column-5d00ef3620f98\" class=\"fw-col-sm-8 tf-sh-33d70c030a2534789dc2707df92c169c  fw-animated-element\" data-animation-type=\"fadeInUp\" data-animation-delay=\"200\">\n<div class=\"fw-wrap-col-inner clearfix  \">\n<div class=\"fw-col-inner\">\n<div class=\"fw-text-box tf-sh-2f0483a604141f3ced1e80db372266a0 \">\n<div class=\"fw-text-inner\">\n<h2>Staffel 2<\/h2>\n<p><strong>04\/2015 &#8211; 03\/2016<\/strong><br \/>Podcasting funktioniert, also weiter. Etwas klarer, Schrift etwas sortiert und seitdem heisst es LEBEN-F\u00dcHREN, in Gro\u00dfbuchstaben. Der Slogan &#8220;Der F\u00fchrungskr\u00e4fte Podcast&#8221; ist direkt unter den Titel gerutscht, die URL nach unten.<br \/>\u00dcbrigens ist seitdem <em>Raleway<\/em> meine Haus- und Hofschrift. Gro\u00dfartiger Font!<\/p>\n<\/p><\/div>\n<\/div><\/div>\n<\/p><\/div>\n<\/div>\n<div id=\"column-5d00ef3621608\" class=\"fw-col-sm-4 tf-sh-81ddb4ec5485e1a1a1bf35a5e6577876  fw-animated-element\" data-animation-type=\"fadeInUp\" data-animation-delay=\"200\">\n<div class=\"fw-wrap-col-inner clearfix  \">\n<div class=\"fw-col-inner\">\n<div class=\"fw-block-image-parent fw-overlay-1 fw-block-image-icon   \" style=\"width: 100%\">\n            \t\t\t<a class=\"fw-block-image-child fw-ratio-1 fw-ratio-container\" href=\"\/\/leben-fuehren.de\/wp-content\/uploads\/LF2\/s2-1400.jpg\" data-rel=\"prettyPhoto\" rel=\"prettyPhoto\"><br \/>\n\t\t\t\t<img decoding=\"async\" src=\"https:\/\/leben-fuehren.de\/wp-content\/uploads\/s2-1400.jpg\" alt=\"s2-1400\" data-maxdpr=\"1.7\" class=\"lazyload\" \/>\t\t\t\t                                    <\/p>\n<div class=\"fw-block-image-overlay\">\n<div class=\"fw-itable\">\n<div class=\"fw-icell\">\n                                <i class=\"fw-icon-zoom\"><\/i>\n                            <\/div>\n<\/p><\/div>\n<\/p><\/div>\n<p>                \t\t\t<\/a>\n            \t\t<\/div>\n<\/p><\/div>\n<\/p><\/div>\n<\/div>\n<\/div><\/div>\n<\/section>\n<section class=\"fw-main-row-custom  auto  fw-section-position-back tf-sh-a7db24a10b517a96fd46cdc99cd21c81\">\n<div class=\"fw-container\" style=\"background-color:#1a1a1a\">\n<div class=\"fw-row\">\n<div id=\"column-5d00ef362280e\" class=\"fw-col-sm-8 tf-sh-21ba2c91ec4380dd2fc52fa9e94028bb  fw-animated-element\" data-animation-type=\"fadeInUp\" data-animation-delay=\"200\">\n<div class=\"fw-wrap-col-inner clearfix  \">\n<div class=\"fw-col-inner\">\n<div class=\"fw-text-box tf-sh-93f8d1c7c25cd1a2d27dee5e22e30a57 \">\n<div class=\"fw-text-inner\">\n<h2>Staffel 3<\/h2>\n<p><strong>04\/2016 &#8211; 09\/2016<\/strong><br \/>Mir hat der Hintergrund nie so recht gefallen: Zu gleich in gleich, zu waberig. Und das war das beste, was ich mit diesem GIMP-Zeugs hingekriegt habe. Also Werkzeug tauschen: PowerPoint!<br \/>Neuer Hintergrund, klarere Linie, h\u00f6herer Kontrast.<br \/>Mir ist die Beschreibung &#8220;erfolgreiche F\u00fchrungskr\u00e4fte&#8221; sehr wichtig, daher ist der Slogan nun l\u00e4nger geworden. Doof, dass er nicht mehr in eine Zeile passt.<br \/>Die URL ist rausgeflogen: Wer mich sucht, findet mich schon. Der Name ist nach unten gerutscht und auch in Gro\u00dfbuchstaben. Und bold, man weiss ja nie \ud83d\ude09<br \/>Die Idee bis hierhin war Evolution statt Revolution. Die Wiedererkennbarkeit sollte erhalten bleiben.<\/p>\n<\/p><\/div>\n<\/div><\/div>\n<\/p><\/div>\n<\/div>\n<div id=\"column-5d00ef3623011\" class=\"fw-col-sm-4 tf-sh-42e427aaad50725178b42bc23718149d  fw-animated-element\" data-animation-type=\"fadeInUp\" data-animation-delay=\"200\">\n<div class=\"fw-wrap-col-inner clearfix  \">\n<div class=\"fw-col-inner\">\n<div class=\"fw-block-image-parent fw-overlay-1 fw-block-image-icon   \" style=\"width: 100%\">\n            \t\t\t<a class=\"fw-block-image-child fw-ratio-1 fw-ratio-container\" href=\"\/\/leben-fuehren.de\/wp-content\/uploads\/LF3\/s3-3000.jpg\" data-rel=\"prettyPhoto\" rel=\"prettyPhoto\"><br \/>\n\t\t\t\t<img decoding=\"async\" src=\"https:\/\/leben-fuehren.de\/wp-content\/uploads\/s3-3000.jpg\" alt=\"s3-3000\" data-maxdpr=\"1.7\" class=\"lazyload\" \/>\t\t\t\t                                    <\/p>\n<div class=\"fw-block-image-overlay\">\n<div class=\"fw-itable\">\n<div class=\"fw-icell\">\n                                <i class=\"fw-icon-zoom\"><\/i>\n                            <\/div>\n<\/p><\/div>\n<\/p><\/div>\n<p>                \t\t\t<\/a>\n            \t\t<\/div>\n<\/p><\/div>\n<\/p><\/div>\n<\/div>\n<\/div><\/div>\n<\/section>\n<section class=\"fw-main-row-custom  auto  fw-section-position-back tf-sh-fab0fad7722879f59870e0f2d696858e\">\n<div class=\"fw-container\" style=\"background-color:#1a1a1a\">\n<div class=\"fw-row\">\n<div id=\"column-5d00ef36242c5\" class=\"fw-col-sm-8 tf-sh-2a906785d82994b2859062fe73973d4e  fw-animated-element\" data-animation-type=\"fadeInUp\" data-animation-delay=\"200\">\n<div class=\"fw-wrap-col-inner clearfix  \">\n<div class=\"fw-col-inner\">\n<div class=\"fw-text-box tf-sh-c51db0ebf17bfa07358d1c54cec095c2 \">\n<div class=\"fw-text-inner\">\n<h2>Staffel 4<\/h2>\n<p><strong>10\/2016 &#8211; 09\/2017<\/strong><br \/>Wenn sich der Nachname \u00e4ndert, ist das schon eine Revolution! Und so etwas darf auch ordenlich kommuniziert werden, Raider heisst jetzt Twix.<br \/>Also das ganze einmal auffrischen: Gleiche Struktur aber insgesammt h\u00f6herer Kontrast und frischere Farben. Butch and bold.<br \/>Neues Bild, Hintergrund mit der gleichen Struktur aber kernigeren Farben.<br \/>Und weil die 100. Episode schon was besonderes ist, bekommt die ihr eigenes Logo.<\/p>\n<\/p><\/div>\n<\/div><\/div>\n<\/p><\/div>\n<\/div>\n<div id=\"column-5d00ef3624a7e\" class=\"fw-col-sm-4 tf-sh-8bc0922838046fc4007ee5e604dc65cb  fw-animated-element\" data-animation-type=\"fadeInUp\" data-animation-delay=\"200\">\n<div class=\"fw-wrap-col-inner clearfix  \">\n<div class=\"fw-col-inner\">\n<div class=\"fw-block-image-parent fw-overlay-1 fw-block-image-icon   \" style=\"width: 100%\">\n            \t\t\t<a class=\"fw-block-image-child fw-ratio-1 fw-ratio-container\" href=\"\/\/leben-fuehren.de\/wp-content\/uploads\/Season4v2.0-3000.png\" data-rel=\"prettyPhoto\" rel=\"prettyPhoto\"><br \/>\n\t\t\t\t<img decoding=\"async\" src=\"https:\/\/leben-fuehren.de\/wp-content\/uploads\/Season4v2.0-3000.png\" alt=\"Season4v2.0-3000\" data-maxdpr=\"1.7\" class=\"lazyload\" \/>\t\t\t\t                                    <\/p>\n<div class=\"fw-block-image-overlay\">\n<div class=\"fw-itable\">\n<div class=\"fw-icell\">\n                                <i class=\"fw-icon-zoom\"><\/i>\n                            <\/div>\n<\/p><\/div>\n<\/p><\/div>\n<p>                \t\t\t<\/a>\n            \t\t<\/div>\n<\/p><\/div>\n<\/p><\/div>\n<\/div>\n<\/div>\n<div class=\"fw-row\">\n<div id=\"column-5d00ef3625e72\" class=\"fw-col-sm-8 tf-sh-b1c26bbdad4cd6eca70ec3deef65867f  fw-animated-element\" data-animation-type=\"fadeInUp\" data-animation-delay=\"200\">\n<div class=\"fw-wrap-col-inner clearfix  \">\n<div class=\"fw-col-inner\">\n<div class=\"fw-text-box tf-sh-5ed3de0878942526897decc1133ddb5c \">\n<div class=\"fw-text-inner\">\n<p>Die Namens\u00e4nderung ist bis heute ein Thema, es ist viel Content mit dem alten Namen draussen. Um das klar zu machen, lasse ich zwei Monate lang das Logo mit dem alten Namen an prominenter Stelle durchgestrichen laufen.<\/p>\n<\/p><\/div>\n<\/div><\/div>\n<\/p><\/div>\n<\/div>\n<div id=\"column-5d00ef36265ca\" class=\"fw-col-sm-4 tf-sh-6cabf963306b19654aeafaa95eb9ce75  fw-animated-element\" data-animation-type=\"fadeInUp\" data-animation-delay=\"200\">\n<div class=\"fw-wrap-col-inner clearfix  \">\n<div class=\"fw-col-inner\">\n<div class=\"fw-block-image-parent fw-overlay-1 fw-block-image-icon   \" style=\"width: 100%\">\n            \t\t\t<a class=\"fw-block-image-child fw-ratio-1 fw-ratio-container\" href=\"\/\/leben-fuehren.de\/wp-content\/uploads\/Season4v2.1-3000.png\" data-rel=\"prettyPhoto\" rel=\"prettyPhoto\"><br \/>\n\t\t\t\t<img decoding=\"async\" src=\"https:\/\/leben-fuehren.de\/wp-content\/uploads\/Season4v2.1-3000.png\" alt=\"Season4v2.1-3000\" data-maxdpr=\"1.7\" class=\"lazyload\" \/>\t\t\t\t                                    <\/p>\n<div class=\"fw-block-image-overlay\">\n<div class=\"fw-itable\">\n<div class=\"fw-icell\">\n                                <i class=\"fw-icon-zoom\"><\/i>\n                            <\/div>\n<\/p><\/div>\n<\/p><\/div>\n<p>                \t\t\t<\/a>\n            \t\t<\/div>\n<\/p><\/div>\n<\/p><\/div>\n<\/div>\n<\/div>\n<div class=\"fw-row\">\n<div id=\"column-5d00ef36272f6\" class=\"fw-col-sm-8 tf-sh-e67a144a9dcd44119b3707a3dbd5adaa  fw-animated-element\" data-animation-type=\"fadeInUp\" data-animation-delay=\"200\">\n<div class=\"fw-wrap-col-inner clearfix  \">\n<div class=\"fw-col-inner\">\n<div class=\"fw-text-box tf-sh-ea113f46100936a0446b045943be2ce3 \">\n<div class=\"fw-text-inner\">\n<p>Irgendwann muss Schluss sein: Also den alten Namen nur noch klein nach unten.<\/p>\n<\/p><\/div>\n<\/div><\/div>\n<\/p><\/div>\n<\/div>\n<div id=\"column-5d00ef36279fb\" class=\"fw-col-sm-4 tf-sh-4e30a3a73ce2b65d4eee0889fc4b8b18  fw-animated-element\" data-animation-type=\"fadeInUp\" data-animation-delay=\"200\">\n<div class=\"fw-wrap-col-inner clearfix  \">\n<div class=\"fw-col-inner\">\n<div class=\"fw-block-image-parent fw-overlay-1 fw-block-image-icon   \" style=\"width: 100%\">\n            \t\t\t<a class=\"fw-block-image-child fw-ratio-1 fw-ratio-container\" href=\"\/\/leben-fuehren.de\/wp-content\/uploads\/Season4v2.2-3000.png\" data-rel=\"prettyPhoto\" rel=\"prettyPhoto\"><br \/>\n\t\t\t\t<img decoding=\"async\" src=\"https:\/\/leben-fuehren.de\/wp-content\/uploads\/Season4v2.2-3000.png\" alt=\"Season4v2.2-3000\" data-maxdpr=\"1.7\" class=\"lazyload\" \/>\t\t\t\t                                    <\/p>\n<div class=\"fw-block-image-overlay\">\n<div class=\"fw-itable\">\n<div class=\"fw-icell\">\n                                <i class=\"fw-icon-zoom\"><\/i>\n                            <\/div>\n<\/p><\/div>\n<\/p><\/div>\n<p>                \t\t\t<\/a>\n            \t\t<\/div>\n<\/p><\/div>\n<\/p><\/div>\n<\/div>\n<\/div>\n<div class=\"fw-row\">\n<div id=\"column-5d00ef3628aa1\" class=\"fw-col-sm-8 tf-sh-dd3b72af0b559c1eaa8a1f4344ce1d14  fw-animated-element\" data-animation-type=\"fadeInUp\" data-animation-delay=\"200\">\n<div class=\"fw-wrap-col-inner clearfix  \">\n<div class=\"fw-col-inner\">\n<div class=\"fw-text-box tf-sh-3a8ceeedf4378b4aa262e956c844557f \">\n<div class=\"fw-text-inner\">\n<p>Selbstbeobachtung: Was ist mir wichtig, wenn ich neue Podcasts suche? Dass sie schon etwas dabei sind! Ich mag nichts h\u00f6ren, was erst f\u00fcnf Episoden hat, zweistellig soll es schon sein und das auch in der letzten Zeit regelm\u00e4\u00dfig.<br \/>Deswegen prangt ab Episode 150 stolz der Hinweis auf das Startjahr im Logo. Bringt das was? Mal sehen.<br \/>Auch habe ich die Buchstaben verschlankt, fand ich irgendwie besser.<\/p>\n<\/p><\/div>\n<\/div><\/div>\n<\/p><\/div>\n<\/div>\n<div id=\"column-5d00ef3629068\" class=\"fw-col-sm-4 tf-sh-ae99a5ffd174bcc51f4291986fe66e26  fw-animated-element\" data-animation-type=\"fadeInUp\" data-animation-delay=\"200\">\n<div class=\"fw-wrap-col-inner clearfix  \">\n<div class=\"fw-col-inner\">\n<div class=\"fw-block-image-parent fw-overlay-1 fw-block-image-icon   \" style=\"width: 100%\">\n            \t\t\t<a class=\"fw-block-image-child fw-ratio-1 fw-ratio-container\" href=\"\/\/leben-fuehren.de\/wp-content\/uploads\/Season4v2.3-3000.png\" data-rel=\"prettyPhoto\" rel=\"prettyPhoto\"><br \/>\n\t\t\t\t<img decoding=\"async\" src=\"https:\/\/leben-fuehren.de\/wp-content\/uploads\/Season4v2.3-3000.png\" alt=\"Season4v2.3-3000\" data-maxdpr=\"1.7\" class=\"lazyload\" \/>\t\t\t\t                                    <\/p>\n<div class=\"fw-block-image-overlay\">\n<div class=\"fw-itable\">\n<div class=\"fw-icell\">\n                                <i class=\"fw-icon-zoom\"><\/i>\n                            <\/div>\n<\/p><\/div>\n<\/p><\/div>\n<p>                \t\t\t<\/a>\n            \t\t<\/div>\n<\/p><\/div>\n<\/p><\/div>\n<\/div>\n<\/div><\/div>\n<\/section>\n<section class=\"fw-main-row-custom  auto  fw-section-position-back tf-sh-ab55de333e410c05ffa304b6200c769e\">\n<div class=\"fw-container\" style=\"background-color:#1a1a1a\">\n<div class=\"fw-row\">\n<div id=\"column-5d00ef362d9dd\" class=\"fw-col-sm-8 tf-sh-7182a2c74c8ac272ce29b91322a73ffd  fw-animated-element\" data-animation-type=\"fadeInUp\" data-animation-delay=\"200\">\n<div class=\"fw-wrap-col-inner clearfix  \">\n<div class=\"fw-col-inner\">\n<div class=\"fw-text-box tf-sh-ee1c4b80131f113c88e7829e7b8dfb0e \">\n<div class=\"fw-text-inner\">\n<h2>Staffel 5<\/h2>\n<p><strong>seit 10\/2017<\/strong><br \/>So langsam schein mir das Logo eingeschwungen sein. Zum Start der 5. Staffel hat die LEBEN-F\u00dcHREN Website ein koplett neues Design bekommen, das &#8220;Elegant Dark Nova&#8221;. Im Zuge dessen habe ich das Logo nur ein kleines Bi\u00dfchen abgedunkelt. Fertig.<br \/>Fast: Die Buchstaben sind wieder in bold, weil sie so in der iTunes-\u00dcbersicht besser zu lesen sind.<\/p>\n<\/p><\/div>\n<\/div><\/div>\n<\/p><\/div>\n<\/div>\n<div id=\"column-5d00ef362e175\" class=\"fw-col-sm-4 tf-sh-d6eb00f5fada25e1dda3bfad55d70bc2  fw-animated-element\" data-animation-type=\"fadeInUp\" data-animation-delay=\"200\">\n<div class=\"fw-wrap-col-inner clearfix  \">\n<div class=\"fw-col-inner\">\n<div class=\"fw-block-image-parent fw-overlay-1 fw-block-image-icon   \" style=\"width: 100%\">\n            \t\t\t<a class=\"fw-block-image-child fw-ratio-1 fw-ratio-container\" href=\"\/\/leben-fuehren.de\/wp-content\/uploads\/LF-S5-V1-3000.jpg\" data-rel=\"prettyPhoto\" rel=\"prettyPhoto\"><br \/>\n\t\t\t\t<img decoding=\"async\" src=\"https:\/\/leben-fuehren.de\/wp-content\/uploads\/LF-S5-V1-3000.jpg\" alt=\"LF-S5-V1-3000\" data-maxdpr=\"1.7\" class=\"lazyload\" \/>\t\t\t\t                                    <\/p>\n<div class=\"fw-block-image-overlay\">\n<div class=\"fw-itable\">\n<div class=\"fw-icell\">\n                                <i class=\"fw-icon-zoom\"><\/i>\n                            <\/div>\n<\/p><\/div>\n<\/p><\/div>\n<p>                \t\t\t<\/a>\n            \t\t<\/div>\n<\/p><\/div>\n<\/p><\/div>\n<\/div>\n<\/div><\/div>\n<\/section>\n<section class=\"fw-main-row-custom  auto  fw-section-position-back tf-sh-7e513b461f899d22594e79bfb7529ee9\">\n<div class=\"fw-container\" style=\"background-color:#1a1a1a\">\n<div class=\"fw-row\">\n<div id=\"column-5d00ef362f501\" class=\"fw-col-sm-8 tf-sh-1a97fb782680a902a1c7fe521f71a627  fw-animated-element\" data-animation-type=\"fadeInUp\" data-animation-delay=\"200\">\n<div class=\"fw-wrap-col-inner clearfix  \">\n<div class=\"fw-col-inner\">\n<div class=\"fw-text-box tf-sh-c79da64ba62be1c787a5c2cec12061af \">\n<div class=\"fw-text-inner\">\n<h2>ab Juli 2018<\/h2>\n<p>Nichts ist so stetig wie der Wandel: F\u00fcr den englischen Podcast habe ich ein Cover beauftragt. Und geliefert wurden gleich drei.<br \/>Ein sehr krasser Schnitt mit den bisherigen Logos, wirk super, besonders auf wei\u00dfem Hintergrund (iTunes). Also stelle ich zur 200. Episode heftig um.<\/p>\n<\/p><\/div>\n<\/div><\/div>\n<\/p><\/div>\n<\/div>\n<div id=\"column-5d00ef362fb93\" class=\"fw-col-sm-4 tf-sh-498e42a4ba8d86e0e75aca3070946d28  fw-animated-element fw-col-no-padding\" data-animation-type=\"fadeInUp\" data-animation-delay=\"200\">\n<div class=\"fw-wrap-col-inner clearfix  \">\n<div class=\"fw-col-inner\">\n<div class=\"fw-block-image-parent fw-overlay-1 fw-block-image-icon   \" style=\"width: 100%\">\n            \t\t\t<a class=\"fw-block-image-child fw-ratio-1 fw-ratio-container\" href=\"\/\/leben-fuehren.de\/wp-content\/uploads\/LF-S6-V1-3000.jpg\" data-rel=\"prettyPhoto\" rel=\"prettyPhoto\"><br \/>\n\t\t\t\t<img decoding=\"async\" src=\"https:\/\/leben-fuehren.de\/wp-content\/uploads\/LF-S6-V1-3000.jpg\" alt=\"LEBEN-F\u00dcHREN\" data-maxdpr=\"1.7\" class=\"lazyload\" \/>\t\t\t\t                                    <\/p>\n<div class=\"fw-block-image-overlay\">\n<div class=\"fw-itable\">\n<div class=\"fw-icell\">\n                                <i class=\"fw-icon-zoom\"><\/i>\n                            <\/div>\n<\/p><\/div>\n<\/p><\/div>\n<p>                \t\t\t<\/a>\n            \t\t<\/div>\n<\/p><\/div>\n<\/p><\/div>\n<\/div>\n<\/div>\n<div class=\"fw-row\">\n<div id=\"column-5d00ef3630985\" class=\"fw-col-sm-8 tf-sh-785da9cb9449be1e61c4c45e40e65f07\">\n<div class=\"fw-wrap-col-inner clearfix  \">\n<div class=\"fw-col-inner\">\n\t\t\t\t\t<\/div>\n<\/p><\/div>\n<\/div>\n<div id=\"column-5d00ef3630c03\" class=\"fw-col-sm-2 tf-sh-5721a212f24789b70501a9104370f653  fw-animated-element fw-col-no-padding\" data-animation-type=\"bounceIn\" data-animation-delay=\"500\">\n<div class=\"fw-wrap-col-inner clearfix  \">\n<div class=\"fw-col-inner\">\n<div class=\"fw-block-image-parent fw-overlay-1 fw-block-image-icon   \" style=\"width: 100%\">\n            \t\t\t<a class=\"fw-block-image-child fw-ratio-1 fw-ratio-container\" href=\"\/\/leben-fuehren.de\/wp-content\/uploads\/2018-03-15-OLAF-KAPINSKI-ID_LD_500px.jpg\" data-rel=\"prettyPhoto\" rel=\"prettyPhoto\"><br \/>\n\t\t\t\t<img decoding=\"async\" src=\"https:\/\/leben-fuehren.de\/wp-content\/uploads\/2018-03-15-OLAF-KAPINSKI-ID_LD_500px.jpg\" alt=\"Live it Lead It\" data-maxdpr=\"1.7\" class=\"lazyload\" \/>\t\t\t\t                                    <\/p>\n<div class=\"fw-block-image-overlay\">\n<div class=\"fw-itable\">\n<div class=\"fw-icell\">\n                                <i class=\"fw-icon-zoom\"><\/i>\n                            <\/div>\n<\/p><\/div>\n<\/p><\/div>\n<p>                \t\t\t<\/a>\n            \t\t<\/div>\n<\/p><\/div>\n<\/p><\/div>\n<\/div>\n<div id=\"column-5d00ef36315cf\" class=\"fw-col-sm-2 tf-sh-b91a4aa1e8186ad6035e379a1706a7ae  fw-animated-element fw-col-no-padding\" data-animation-type=\"bounceIn\" data-animation-delay=\"1000\">\n<div class=\"fw-wrap-col-inner clearfix  \">\n<div class=\"fw-col-inner\">\n<div class=\"fw-block-image-parent fw-overlay-1 fw-block-image-icon   \" style=\"width: 100%\">\n            \t\t\t<a class=\"fw-block-image-child fw-ratio-1 fw-ratio-container\" href=\"\/\/leben-fuehren.de\/wp-content\/uploads\/OUTv3-500.jpg\" data-rel=\"prettyPhoto\" rel=\"prettyPhoto\"><br \/>\n\t\t\t\t<img decoding=\"async\" src=\"https:\/\/leben-fuehren.de\/wp-content\/uploads\/OUTv3-500.jpg\" alt=\"Impression\" data-maxdpr=\"1.7\" class=\"lazyload\" \/>\t\t\t\t                                    <\/p>\n<div class=\"fw-block-image-overlay\">\n<div class=\"fw-itable\">\n<div class=\"fw-icell\">\n                                <i class=\"fw-icon-zoom\"><\/i>\n                            <\/div>\n<\/p><\/div>\n<\/p><\/div>\n<p>                \t\t\t<\/a>\n            \t\t<\/div>\n<\/p><\/div>\n<\/p><\/div>\n<\/div>\n<\/div><\/div>\n<\/section>\n<section class=\"fw-main-row-custom  fw-section-height-custom  fw-section-position-back tf-sh-7a70c4a49bf971998676070eadd0f754\" style=\"height: 100px\">\n<div class=\"fw-container\">\n\t\t\t<\/div>\n<\/section>\n<p><!-- 9c11786a81efdae810e975e289c3b6fd --><\/p>\n","protected":false},"excerpt":{"rendered":"<p>Staffel 1 10\/2014 &#8211; 03\/2015Huiii&#8230; damals&#8230; Das erste Podcast-Logo habe ich stolz mit GIMP gebaut. Was f\u00fcr ein Krampf. Dazu habe ich mir extra ein Buch gekauft und dann Schritt f\u00fcr Schritt rumgemacht. Vorbid war Bernd Geropps Logo: Seines war blau und ich wollte dunkelrot, allerdings bei wiedererkennbarer \u00c4hnlichkeit. Mein Bild fand ich sehr cool, [&hellip;]<\/p>\n","protected":false},"author":2,"featured_media":0,"parent":3275,"menu_order":0,"comment_status":"closed","ping_status":"closed","template":"visual-builder-template.php","meta":{"footnotes":""},"class_list":["post-5570","page","type-page","status-publish","hentry"],"_links":{"self":[{"href":"https:\/\/leben-fuehren.de\/r3\/wp-json\/wp\/v2\/pages\/5570","targetHints":{"allow":["GET"]}}],"collection":[{"href":"https:\/\/leben-fuehren.de\/r3\/wp-json\/wp\/v2\/pages"}],"about":[{"href":"https:\/\/leben-fuehren.de\/r3\/wp-json\/wp\/v2\/types\/page"}],"author":[{"embeddable":true,"href":"https:\/\/leben-fuehren.de\/r3\/wp-json\/wp\/v2\/users\/2"}],"replies":[{"embeddable":true,"href":"https:\/\/leben-fuehren.de\/r3\/wp-json\/wp\/v2\/comments?post=5570"}],"version-history":[{"count":0,"href":"https:\/\/leben-fuehren.de\/r3\/wp-json\/wp\/v2\/pages\/5570\/revisions"}],"up":[{"embeddable":true,"href":"https:\/\/leben-fuehren.de\/r3\/wp-json\/wp\/v2\/pages\/3275"}],"wp:attachment":[{"href":"https:\/\/leben-fuehren.de\/r3\/wp-json\/wp\/v2\/media?parent=5570"}],"curies":[{"name":"wp","href":"https:\/\/api.w.org\/{rel}","templated":true}]}}